{"id":1597,"date":"2021-05-17T20:46:49","date_gmt":"2021-05-17T17:46:49","guid":{"rendered":"https:\/\/pre.cdev.ee\/kapitel\/portfell\/nordic-hotel-forum\/"},"modified":"2025-10-01T09:28:25","modified_gmt":"2025-10-01T06:28:25","slug":"nordic-hotel-forum","status":"publish","type":"portfell","link":"https:\/\/kapitel.ee\/et\/majutus\/nordic-hotel-forum\/","title":{"rendered":"Nordic Hotel Forum"},"content":{"rendered":"<p>Nii \u00e4rireisijate kui puhkajate seas hinnatud Nordic Hotel Forum on neljat\u00e4rni superior-klassi \u00e4ri- ja konverentsihotell, mis asub Tallinna s\u00fcdalinnas Viru V\u00e4ljakul, vaid m\u00f5nesaja meetri kaugusel vanalinnast. Hotellis on 258 tuba, kuus konverentsiruumi kokku kuni 430 osalejale, kaks restorani, l\u00f5\u00f5gastusala ja j\u00f5usaal. Autoga saabujatele pakub lisamugavust maa-alune parkla.<\/p>\n<p>Green Key sertifikaadiga hotellina j\u00e4rgib Nordic Hotel Forum keskkonnas\u00e4\u00e4stlikkust ja j\u00e4tkusuutlikkust toetavaid standardeid. Hotell l\u00e4bis 2021. aastal p\u00f5hjaliku renoveerimise.<\/p>\n<p>Nordic Hotel Forum on ka kultuurimaastikul m\u00e4rgilise t\u00e4hendusega, olles Pimedate \u00d6\u00f6de Filmifestivali (P\u00d6FF) ametlik s\u00fcndmuskeskus. 1997. aastast toimuv P\u00d6FF on ainus P\u00f5hja-Euroopa filmifestival, millele on omistatud FIAPF-i (Rahvusvaheline Filmiprodutsentide F\u00f6deratsioon) v\u00f5istlusfestivali staatus.<\/p>\n<p>&nbsp;<\/p>\n","protected":false},"excerpt":{"rendered":"<p>Tallinna s\u00fcdalinnas asuv Nordic Hotel l\u00e4bis 2021. aastal t\u00e4ieliku uuenduskuuri ning pakub esmaklassilist vastuv\u00f5ttu 258 hotellitoas, konverentsi- ja l\u00f5\u00f5gastuskeskuses.<\/p>\n","protected":false},"featured_media":1634,"template":"","meta":{"_acf_changed":false},"kategooria":[25],"class_list":["post-1597","portfell","type-portfell","status-publish","has-post-thumbnail","hentry","kategooria-majutus","entry"],"acf":[],"yoast_head":"<!-- This site is optimized with the Yoast SEO plugin v27.1 - https:\/\/yoast.com\/product\/yoast-seo-wordpress\/ -->\n<title>Nordic Hotel Forum - Kapitel<\/title>\n<meta name=\"robots\" content=\"index, follow, max-snippet:-1, max-image-preview:large, max-video-preview:-1\" \/>\n<link rel=\"canonical\" href=\"https:\/\/kapitel.ee\/et\/majutus\/nordic-hotel-forum\/\" \/>\n<meta property=\"og:locale\" content=\"et_EE\" \/>\n<meta property=\"og:type\" content=\"article\" \/>\n<meta property=\"og:title\" content=\"Nordic Hotel Forum - Kapitel\" \/>\n<meta property=\"og:description\" content=\"Tallinna s\u00fcdalinnas asuv Nordic Hotel l\u00e4bis 2021. aastal t\u00e4ieliku uuenduskuuri ning pakub esmaklassilist vastuv\u00f5ttu 258 hotellitoas, konverentsi- ja l\u00f5\u00f5gastuskeskuses.\" \/>\n<meta property=\"og:url\" content=\"https:\/\/kapitel.ee\/et\/majutus\/nordic-hotel-forum\/\" \/>\n<meta property=\"og:site_name\" content=\"Kapitel\" \/>\n<meta property=\"article:modified_time\" content=\"2025-10-01T06:28:25+00:00\" \/>\n<meta property=\"og:image\" content=\"https:\/\/kapitel.ee\/wp-content\/uploads\/2025\/06\/by-Gen-Vagula-Nordic_Hotel_Forum_in_Tallinn__Estonia_summernight_new_v_loigatud.jpg\" \/>\n\t<meta property=\"og:image:width\" content=\"1558\" \/>\n\t<meta property=\"og:image:height\" content=\"768\" \/>\n\t<meta property=\"og:image:type\" content=\"image\/jpeg\" \/>\n<meta name=\"twitter:card\" content=\"summary_large_image\" \/>\n<meta name=\"twitter:label1\" content=\"Est. reading time\" \/>\n\t<meta name=\"twitter:data1\" content=\"3 minutit\" \/>\n<script type=\"application\/ld+json\" class=\"yoast-schema-graph\">{\"@context\":\"https:\/\/schema.org\",\"@graph\":[{\"@type\":\"WebPage\",\"@id\":\"https:\/\/kapitel.ee\/et\/majutus\/nordic-hotel-forum\/\",\"url\":\"https:\/\/kapitel.ee\/et\/majutus\/nordic-hotel-forum\/\",\"name\":\"Nordic Hotel Forum - Kapitel\",\"isPartOf\":{\"@id\":\"https:\/\/kapitel.ee\/#website\"},\"primaryImageOfPage\":{\"@id\":\"https:\/\/kapitel.ee\/et\/majutus\/nordic-hotel-forum\/#primaryimage\"},\"image\":{\"@id\":\"https:\/\/kapitel.ee\/et\/majutus\/nordic-hotel-forum\/#primaryimage\"},\"thumbnailUrl\":\"https:\/\/kapitel.ee\/wp-content\/uploads\/2025\/06\/by-Gen-Vagula-Nordic_Hotel_Forum_in_Tallinn__Estonia_summernight_new_v_loigatud.jpg\",\"datePublished\":\"2021-05-17T17:46:49+00:00\",\"dateModified\":\"2025-10-01T06:28:25+00:00\",\"breadcrumb\":{\"@id\":\"https:\/\/kapitel.ee\/et\/majutus\/nordic-hotel-forum\/#breadcrumb\"},\"inLanguage\":\"et\",\"potentialAction\":[{\"@type\":\"ReadAction\",\"target\":[\"https:\/\/kapitel.ee\/et\/majutus\/nordic-hotel-forum\/\"]}]},{\"@type\":\"ImageObject\",\"inLanguage\":\"et\",\"@id\":\"https:\/\/kapitel.ee\/et\/majutus\/nordic-hotel-forum\/#primaryimage\",\"url\":\"https:\/\/kapitel.ee\/wp-content\/uploads\/2025\/06\/by-Gen-Vagula-Nordic_Hotel_Forum_in_Tallinn__Estonia_summernight_new_v_loigatud.jpg\",\"contentUrl\":\"https:\/\/kapitel.ee\/wp-content\/uploads\/2025\/06\/by-Gen-Vagula-Nordic_Hotel_Forum_in_Tallinn__Estonia_summernight_new_v_loigatud.jpg\",\"width\":1558,\"height\":768},{\"@type\":\"BreadcrumbList\",\"@id\":\"https:\/\/kapitel.ee\/et\/majutus\/nordic-hotel-forum\/#breadcrumb\",\"itemListElement\":[{\"@type\":\"ListItem\",\"position\":1,\"name\":\"Home\",\"item\":\"https:\/\/kapitel.ee\/et\/\"},{\"@type\":\"ListItem\",\"position\":2,\"name\":\"Nordic Hotel Forum\"}]},{\"@type\":\"WebSite\",\"@id\":\"https:\/\/kapitel.ee\/#website\",\"url\":\"https:\/\/kapitel.ee\/\",\"name\":\"Kapitel\",\"description\":\"\",\"publisher\":{\"@id\":\"https:\/\/kapitel.ee\/#organization\"},\"potentialAction\":[{\"@type\":\"SearchAction\",\"target\":{\"@type\":\"EntryPoint\",\"urlTemplate\":\"https:\/\/kapitel.ee\/?s={search_term_string}\"},\"query-input\":{\"@type\":\"PropertyValueSpecification\",\"valueRequired\":true,\"valueName\":\"search_term_string\"}}],\"inLanguage\":\"et\"},{\"@type\":\"Organization\",\"@id\":\"https:\/\/kapitel.ee\/#organization\",\"name\":\"Kapitel\",\"url\":\"https:\/\/kapitel.ee\/\",\"logo\":{\"@type\":\"ImageObject\",\"inLanguage\":\"et\",\"@id\":\"https:\/\/kapitel.ee\/#\/schema\/logo\/image\/\",\"url\":\"https:\/\/kapitel.ee\/wp-content\/uploads\/2025\/06\/logo.svg\",\"contentUrl\":\"https:\/\/kapitel.ee\/wp-content\/uploads\/2025\/06\/logo.svg\",\"caption\":\"Kapitel\"},\"image\":{\"@id\":\"https:\/\/kapitel.ee\/#\/schema\/logo\/image\/\"}}]}<\/script>\n<!-- \/ Yoast SEO plugin. -->","yoast_head_json":{"title":"Nordic Hotel Forum - Kapitel","robots":{"index":"index","follow":"follow","max-snippet":"max-snippet:-1","max-image-preview":"max-image-preview:large","max-video-preview":"max-video-preview:-1"},"canonical":"https:\/\/kapitel.ee\/et\/majutus\/nordic-hotel-forum\/","og_locale":"et_EE","og_type":"article","og_title":"Nordic Hotel Forum - Kapitel","og_description":"Tallinna s\u00fcdalinnas asuv Nordic Hotel l\u00e4bis 2021. aastal t\u00e4ieliku uuenduskuuri ning pakub esmaklassilist vastuv\u00f5ttu 258 hotellitoas, konverentsi- ja l\u00f5\u00f5gastuskeskuses.","og_url":"https:\/\/kapitel.ee\/et\/majutus\/nordic-hotel-forum\/","og_site_name":"Kapitel","article_modified_time":"2025-10-01T06:28:25+00:00","og_image":[{"width":1558,"height":768,"url":"https:\/\/kapitel.ee\/wp-content\/uploads\/2025\/06\/by-Gen-Vagula-Nordic_Hotel_Forum_in_Tallinn__Estonia_summernight_new_v_loigatud.jpg","type":"image\/jpeg"}],"twitter_card":"summary_large_image","twitter_misc":{"Est. reading time":"3 minutit"},"schema":{"@context":"https:\/\/schema.org","@graph":[{"@type":"WebPage","@id":"https:\/\/kapitel.ee\/et\/majutus\/nordic-hotel-forum\/","url":"https:\/\/kapitel.ee\/et\/majutus\/nordic-hotel-forum\/","name":"Nordic Hotel Forum - Kapitel","isPartOf":{"@id":"https:\/\/kapitel.ee\/#website"},"primaryImageOfPage":{"@id":"https:\/\/kapitel.ee\/et\/majutus\/nordic-hotel-forum\/#primaryimage"},"image":{"@id":"https:\/\/kapitel.ee\/et\/majutus\/nordic-hotel-forum\/#primaryimage"},"thumbnailUrl":"https:\/\/kapitel.ee\/wp-content\/uploads\/2025\/06\/by-Gen-Vagula-Nordic_Hotel_Forum_in_Tallinn__Estonia_summernight_new_v_loigatud.jpg","datePublished":"2021-05-17T17:46:49+00:00","dateModified":"2025-10-01T06:28:25+00:00","breadcrumb":{"@id":"https:\/\/kapitel.ee\/et\/majutus\/nordic-hotel-forum\/#breadcrumb"},"inLanguage":"et","potentialAction":[{"@type":"ReadAction","target":["https:\/\/kapitel.ee\/et\/majutus\/nordic-hotel-forum\/"]}]},{"@type":"ImageObject","inLanguage":"et","@id":"https:\/\/kapitel.ee\/et\/majutus\/nordic-hotel-forum\/#primaryimage","url":"https:\/\/kapitel.ee\/wp-content\/uploads\/2025\/06\/by-Gen-Vagula-Nordic_Hotel_Forum_in_Tallinn__Estonia_summernight_new_v_loigatud.jpg","contentUrl":"https:\/\/kapitel.ee\/wp-content\/uploads\/2025\/06\/by-Gen-Vagula-Nordic_Hotel_Forum_in_Tallinn__Estonia_summernight_new_v_loigatud.jpg","width":1558,"height":768},{"@type":"BreadcrumbList","@id":"https:\/\/kapitel.ee\/et\/majutus\/nordic-hotel-forum\/#breadcrumb","itemListElement":[{"@type":"ListItem","position":1,"name":"Home","item":"https:\/\/kapitel.ee\/et\/"},{"@type":"ListItem","position":2,"name":"Nordic Hotel Forum"}]},{"@type":"WebSite","@id":"https:\/\/kapitel.ee\/#website","url":"https:\/\/kapitel.ee\/","name":"Kapitel","description":"","publisher":{"@id":"https:\/\/kapitel.ee\/#organization"},"potentialAction":[{"@type":"SearchAction","target":{"@type":"EntryPoint","urlTemplate":"https:\/\/kapitel.ee\/?s={search_term_string}"},"query-input":{"@type":"PropertyValueSpecification","valueRequired":true,"valueName":"search_term_string"}}],"inLanguage":"et"},{"@type":"Organization","@id":"https:\/\/kapitel.ee\/#organization","name":"Kapitel","url":"https:\/\/kapitel.ee\/","logo":{"@type":"ImageObject","inLanguage":"et","@id":"https:\/\/kapitel.ee\/#\/schema\/logo\/image\/","url":"https:\/\/kapitel.ee\/wp-content\/uploads\/2025\/06\/logo.svg","contentUrl":"https:\/\/kapitel.ee\/wp-content\/uploads\/2025\/06\/logo.svg","caption":"Kapitel"},"image":{"@id":"https:\/\/kapitel.ee\/#\/schema\/logo\/image\/"}}]}},"_links":{"self":[{"href":"https:\/\/kapitel.ee\/et\/wp-json\/wp\/v2\/portfell\/1597","targetHints":{"allow":["GET"]}}],"collection":[{"href":"https:\/\/kapitel.ee\/et\/wp-json\/wp\/v2\/portfell"}],"about":[{"href":"https:\/\/kapitel.ee\/et\/wp-json\/wp\/v2\/types\/portfell"}],"wp:featuredmedia":[{"embeddable":true,"href":"https:\/\/kapitel.ee\/et\/wp-json\/wp\/v2\/media\/1634"}],"wp:attachment":[{"href":"https:\/\/kapitel.ee\/et\/wp-json\/wp\/v2\/media?parent=1597"}],"wp:term":[{"taxonomy":"kategooria","embeddable":true,"href":"https:\/\/kapitel.ee\/et\/wp-json\/wp\/v2\/kategooria?post=1597"}],"curies":[{"name":"wp","href":"https:\/\/api.w.org\/{rel}","templated":true}]}}